{"id":378,"date":"2025-03-20T11:15:29","date_gmt":"2025-03-20T10:15:29","guid":{"rendered":"https:\/\/didaktik-der-bildenden-kuenste.de\/visualempowerment\/?page_id=378"},"modified":"2025-03-20T14:54:52","modified_gmt":"2025-03-20T13:54:52","slug":"galerie","status":"publish","type":"page","link":"https:\/\/didaktik-der-bildenden-kuenste.de\/visualempowerment\/galerie\/","title":{"rendered":"GALERIE"},"content":{"rendered":"\n<p>Einblicke in die Workshops und Vortr\u00e4ge<\/p>\n\n\n\n<p>_____________________<\/p>\n\n\n\n<div class=\"wp-block-group is-horizontal is-content-justification-left is-nowrap is-layout-flex wp-container-core-group-is-layout-8ad9adab wp-block-group-is-layout-flex\">\n<div class=\"wp-block-columns is-layout-flex wp-container-core-columns-is-layout-28f84493 wp-block-columns-is-layout-flex\">\n<div class=\"wp-block-column is-layout-flow wp-block-column-is-layout-flow\" style=\"flex-basis:100%\">\n<figure class=\"wp-block-gallery has-nested-images columns-default is-cropped wp-block-gallery-11 is-layout-flex wp-block-gallery-is-layout-flex\">\n<figure class=\"wp-block-image alignleft size-full wp-duotone-unset-1\"><img loading=\"lazy\" decoding=\"async\" width=\"2560\" height=\"1707\" data-id=\"379\" src=\"https:\/\/didaktik-der-bildenden-kuenste.de\/visualempowerment\/wp-content\/uploads\/sites\/17\/2025\/03\/1-1-scaled.jpg\" alt=\"\" class=\"wp-image-379\" srcset=\"https:\/\/didaktik-der-bildenden-kuenste.de\/visualempowerment\/wp-content\/uploads\/sites\/17\/2025\/03\/1-1-scaled.jpg 2560w, https:\/\/didaktik-der-bildenden-kuenste.de\/visualempowerment\/wp-content\/uploads\/sites\/17\/2025\/03\/1-1-300x200.jpg 300w, https:\/\/didaktik-der-bildenden-kuenste.de\/visualempowerment\/wp-content\/uploads\/sites\/17\/2025\/03\/1-1-1024x683.jpg 1024w, https:\/\/didaktik-der-bildenden-kuenste.de\/visualempowerment\/wp-content\/uploads\/sites\/17\/2025\/03\/1-1-768x512.jpg 768w, https:\/\/didaktik-der-bildenden-kuenste.de\/visualempowerment\/wp-content\/uploads\/sites\/17\/2025\/03\/1-1-1536x1024.jpg 1536w, https:\/\/didaktik-der-bildenden-kuenste.de\/visualempowerment\/wp-content\/uploads\/sites\/17\/2025\/03\/1-1-2048x1365.jpg 2048w, https:\/\/didaktik-der-bildenden-kuenste.de\/visualempowerment\/wp-content\/uploads\/sites\/17\/2025\/03\/1-1-400x267.jpg 400w\" sizes=\"auto, (max-width: 2560px) 100vw, 2560px\" \/><\/figure>\n\n\n\n<figure class=\"wp-block-image size-full wp-duotone-unset-2\"><img loading=\"lazy\" decoding=\"async\" width=\"2560\" height=\"1707\" data-id=\"382\" src=\"https:\/\/didaktik-der-bildenden-kuenste.de\/visualempowerment\/wp-content\/uploads\/sites\/17\/2025\/03\/2-scaled.jpg\" alt=\"\" class=\"wp-image-382\" srcset=\"https:\/\/didaktik-der-bildenden-kuenste.de\/visualempowerment\/wp-content\/uploads\/sites\/17\/2025\/03\/2-scaled.jpg 2560w, https:\/\/didaktik-der-bildenden-kuenste.de\/visualempowerment\/wp-content\/uploads\/sites\/17\/2025\/03\/2-300x200.jpg 300w, https:\/\/didaktik-der-bildenden-kuenste.de\/visualempowerment\/wp-content\/uploads\/sites\/17\/2025\/03\/2-1024x683.jpg 1024w, https:\/\/didaktik-der-bildenden-kuenste.de\/visualempowerment\/wp-content\/uploads\/sites\/17\/2025\/03\/2-768x512.jpg 768w, https:\/\/didaktik-der-bildenden-kuenste.de\/visualempowerment\/wp-content\/uploads\/sites\/17\/2025\/03\/2-1536x1024.jpg 1536w, https:\/\/didaktik-der-bildenden-kuenste.de\/visualempowerment\/wp-content\/uploads\/sites\/17\/2025\/03\/2-2048x1365.jpg 2048w, https:\/\/didaktik-der-bildenden-kuenste.de\/visualempowerment\/wp-content\/uploads\/sites\/17\/2025\/03\/2-400x267.jpg 400w\" sizes=\"auto, (max-width: 2560px) 100vw, 2560px\" \/><\/figure>\n\n\n\n<figure class=\"wp-block-image size-full wp-duotone-unset-3\"><img loading=\"lazy\" decoding=\"async\" width=\"2560\" height=\"1707\" data-id=\"383\" src=\"https:\/\/didaktik-der-bildenden-kuenste.de\/visualempowerment\/wp-content\/uploads\/sites\/17\/2025\/03\/3-scaled.jpg\" alt=\"\" class=\"wp-image-383\" srcset=\"https:\/\/didaktik-der-bildenden-kuenste.de\/visualempowerment\/wp-content\/uploads\/sites\/17\/2025\/03\/3-scaled.jpg 2560w, https:\/\/didaktik-der-bildenden-kuenste.de\/visualempowerment\/wp-content\/uploads\/sites\/17\/2025\/03\/3-300x200.jpg 300w, https:\/\/didaktik-der-bildenden-kuenste.de\/visualempowerment\/wp-content\/uploads\/sites\/17\/2025\/03\/3-1024x683.jpg 1024w, https:\/\/didaktik-der-bildenden-kuenste.de\/visualempowerment\/wp-content\/uploads\/sites\/17\/2025\/03\/3-768x512.jpg 768w, https:\/\/didaktik-der-bildenden-kuenste.de\/visualempowerment\/wp-content\/uploads\/sites\/17\/2025\/03\/3-1536x1024.jpg 1536w, https:\/\/didaktik-der-bildenden-kuenste.de\/visualempowerment\/wp-content\/uploads\/sites\/17\/2025\/03\/3-2048x1365.jpg 2048w, https:\/\/didaktik-der-bildenden-kuenste.de\/visualempowerment\/wp-content\/uploads\/sites\/17\/2025\/03\/3-400x267.jpg 400w\" sizes=\"auto, (max-width: 2560px) 100vw, 2560px\" \/><\/figure>\n\n\n\n<figure class=\"wp-block-image size-full wp-duotone-unset-4\"><img loading=\"lazy\" decoding=\"async\" width=\"2560\" height=\"1706\" data-id=\"381\" src=\"https:\/\/didaktik-der-bildenden-kuenste.de\/visualempowerment\/wp-content\/uploads\/sites\/17\/2025\/03\/8-scaled.jpg\" alt=\"\" class=\"wp-image-381\" srcset=\"https:\/\/didaktik-der-bildenden-kuenste.de\/visualempowerment\/wp-content\/uploads\/sites\/17\/2025\/03\/8-scaled.jpg 2560w, https:\/\/didaktik-der-bildenden-kuenste.de\/visualempowerment\/wp-content\/uploads\/sites\/17\/2025\/03\/8-300x200.jpg 300w, https:\/\/didaktik-der-bildenden-kuenste.de\/visualempowerment\/wp-content\/uploads\/sites\/17\/2025\/03\/8-1024x683.jpg 1024w, https:\/\/didaktik-der-bildenden-kuenste.de\/visualempowerment\/wp-content\/uploads\/sites\/17\/2025\/03\/8-768x512.jpg 768w, https:\/\/didaktik-der-bildenden-kuenste.de\/visualempowerment\/wp-content\/uploads\/sites\/17\/2025\/03\/8-1536x1024.jpg 1536w, https:\/\/didaktik-der-bildenden-kuenste.de\/visualempowerment\/wp-content\/uploads\/sites\/17\/2025\/03\/8-2048x1365.jpg 2048w, https:\/\/didaktik-der-bildenden-kuenste.de\/visualempowerment\/wp-content\/uploads\/sites\/17\/2025\/03\/8-400x267.jpg 400w\" sizes=\"auto, (max-width: 2560px) 100vw, 2560px\" \/><\/figure>\n\n\n\n<figure class=\"wp-block-image size-full wp-duotone-unset-5\"><img loading=\"lazy\" decoding=\"async\" width=\"2560\" height=\"1707\" data-id=\"384\" src=\"https:\/\/didaktik-der-bildenden-kuenste.de\/visualempowerment\/wp-content\/uploads\/sites\/17\/2025\/03\/4-scaled.jpg\" alt=\"\" class=\"wp-image-384\" srcset=\"https:\/\/didaktik-der-bildenden-kuenste.de\/visualempowerment\/wp-content\/uploads\/sites\/17\/2025\/03\/4-scaled.jpg 2560w, https:\/\/didaktik-der-bildenden-kuenste.de\/visualempowerment\/wp-content\/uploads\/sites\/17\/2025\/03\/4-300x200.jpg 300w, https:\/\/didaktik-der-bildenden-kuenste.de\/visualempowerment\/wp-content\/uploads\/sites\/17\/2025\/03\/4-1024x683.jpg 1024w, https:\/\/didaktik-der-bildenden-kuenste.de\/visualempowerment\/wp-content\/uploads\/sites\/17\/2025\/03\/4-768x512.jpg 768w, https:\/\/didaktik-der-bildenden-kuenste.de\/visualempowerment\/wp-content\/uploads\/sites\/17\/2025\/03\/4-1536x1024.jpg 1536w, https:\/\/didaktik-der-bildenden-kuenste.de\/visualempowerment\/wp-content\/uploads\/sites\/17\/2025\/03\/4-2048x1365.jpg 2048w, https:\/\/didaktik-der-bildenden-kuenste.de\/visualempowerment\/wp-content\/uploads\/sites\/17\/2025\/03\/4-400x267.jpg 400w\" sizes=\"auto, (max-width: 2560px) 100vw, 2560px\" \/><\/figure>\n\n\n\n<figure class=\"wp-block-image size-full wp-duotone-unset-6\"><img loading=\"lazy\" decoding=\"async\" width=\"2560\" height=\"1707\" data-id=\"386\" src=\"https:\/\/didaktik-der-bildenden-kuenste.de\/visualempowerment\/wp-content\/uploads\/sites\/17\/2025\/03\/5-scaled.jpg\" alt=\"\" class=\"wp-image-386\" srcset=\"https:\/\/didaktik-der-bildenden-kuenste.de\/visualempowerment\/wp-content\/uploads\/sites\/17\/2025\/03\/5-scaled.jpg 2560w, https:\/\/didaktik-der-bildenden-kuenste.de\/visualempowerment\/wp-content\/uploads\/sites\/17\/2025\/03\/5-300x200.jpg 300w, https:\/\/didaktik-der-bildenden-kuenste.de\/visualempowerment\/wp-content\/uploads\/sites\/17\/2025\/03\/5-1024x683.jpg 1024w, https:\/\/didaktik-der-bildenden-kuenste.de\/visualempowerment\/wp-content\/uploads\/sites\/17\/2025\/03\/5-768x512.jpg 768w, https:\/\/didaktik-der-bildenden-kuenste.de\/visualempowerment\/wp-content\/uploads\/sites\/17\/2025\/03\/5-1536x1024.jpg 1536w, https:\/\/didaktik-der-bildenden-kuenste.de\/visualempowerment\/wp-content\/uploads\/sites\/17\/2025\/03\/5-2048x1365.jpg 2048w, https:\/\/didaktik-der-bildenden-kuenste.de\/visualempowerment\/wp-content\/uploads\/sites\/17\/2025\/03\/5-400x267.jpg 400w\" sizes=\"auto, (max-width: 2560px) 100vw, 2560px\" \/><\/figure>\n\n\n\n<figure class=\"wp-block-image size-full wp-duotone-unset-7\"><img loading=\"lazy\" decoding=\"async\" width=\"2560\" height=\"1707\" data-id=\"380\" src=\"https:\/\/didaktik-der-bildenden-kuenste.de\/visualempowerment\/wp-content\/uploads\/sites\/17\/2025\/03\/6-1-scaled.jpg\" alt=\"\" class=\"wp-image-380\" srcset=\"https:\/\/didaktik-der-bildenden-kuenste.de\/visualempowerment\/wp-content\/uploads\/sites\/17\/2025\/03\/6-1-scaled.jpg 2560w, https:\/\/didaktik-der-bildenden-kuenste.de\/visualempowerment\/wp-content\/uploads\/sites\/17\/2025\/03\/6-1-300x200.jpg 300w, https:\/\/didaktik-der-bildenden-kuenste.de\/visualempowerment\/wp-content\/uploads\/sites\/17\/2025\/03\/6-1-1024x683.jpg 1024w, https:\/\/didaktik-der-bildenden-kuenste.de\/visualempowerment\/wp-content\/uploads\/sites\/17\/2025\/03\/6-1-768x512.jpg 768w, https:\/\/didaktik-der-bildenden-kuenste.de\/visualempowerment\/wp-content\/uploads\/sites\/17\/2025\/03\/6-1-1536x1024.jpg 1536w, https:\/\/didaktik-der-bildenden-kuenste.de\/visualempowerment\/wp-content\/uploads\/sites\/17\/2025\/03\/6-1-2048x1365.jpg 2048w, https:\/\/didaktik-der-bildenden-kuenste.de\/visualempowerment\/wp-content\/uploads\/sites\/17\/2025\/03\/6-1-400x267.jpg 400w\" sizes=\"auto, (max-width: 2560px) 100vw, 2560px\" \/><\/figure>\n\n\n\n<figure class=\"wp-block-image size-full wp-duotone-unset-8\"><img loading=\"lazy\" decoding=\"async\" width=\"2560\" height=\"1706\" data-id=\"385\" src=\"https:\/\/didaktik-der-bildenden-kuenste.de\/visualempowerment\/wp-content\/uploads\/sites\/17\/2025\/03\/7-scaled.jpg\" alt=\"\" class=\"wp-image-385\" srcset=\"https:\/\/didaktik-der-bildenden-kuenste.de\/visualempowerment\/wp-content\/uploads\/sites\/17\/2025\/03\/7-scaled.jpg 2560w, https:\/\/didaktik-der-bildenden-kuenste.de\/visualempowerment\/wp-content\/uploads\/sites\/17\/2025\/03\/7-300x200.jpg 300w, https:\/\/didaktik-der-bildenden-kuenste.de\/visualempowerment\/wp-content\/uploads\/sites\/17\/2025\/03\/7-1024x682.jpg 1024w, https:\/\/didaktik-der-bildenden-kuenste.de\/visualempowerment\/wp-content\/uploads\/sites\/17\/2025\/03\/7-768x512.jpg 768w, https:\/\/didaktik-der-bildenden-kuenste.de\/visualempowerment\/wp-content\/uploads\/sites\/17\/2025\/03\/7-1536x1024.jpg 1536w, https:\/\/didaktik-der-bildenden-kuenste.de\/visualempowerment\/wp-content\/uploads\/sites\/17\/2025\/03\/7-2048x1365.jpg 2048w, https:\/\/didaktik-der-bildenden-kuenste.de\/visualempowerment\/wp-content\/uploads\/sites\/17\/2025\/03\/7-400x267.jpg 400w\" sizes=\"auto, (max-width: 2560px) 100vw, 2560px\" \/><\/figure>\n\n\n\n<figure class=\"wp-block-image size-full wp-duotone-unset-9\"><img loading=\"lazy\" decoding=\"async\" width=\"2560\" height=\"1707\" data-id=\"387\" src=\"https:\/\/didaktik-der-bildenden-kuenste.de\/visualempowerment\/wp-content\/uploads\/sites\/17\/2025\/03\/10-scaled.jpg\" alt=\"\" class=\"wp-image-387\" srcset=\"https:\/\/didaktik-der-bildenden-kuenste.de\/visualempowerment\/wp-content\/uploads\/sites\/17\/2025\/03\/10-scaled.jpg 2560w, https:\/\/didaktik-der-bildenden-kuenste.de\/visualempowerment\/wp-content\/uploads\/sites\/17\/2025\/03\/10-300x200.jpg 300w, https:\/\/didaktik-der-bildenden-kuenste.de\/visualempowerment\/wp-content\/uploads\/sites\/17\/2025\/03\/10-1024x683.jpg 1024w, https:\/\/didaktik-der-bildenden-kuenste.de\/visualempowerment\/wp-content\/uploads\/sites\/17\/2025\/03\/10-768x512.jpg 768w, https:\/\/didaktik-der-bildenden-kuenste.de\/visualempowerment\/wp-content\/uploads\/sites\/17\/2025\/03\/10-1536x1024.jpg 1536w, https:\/\/didaktik-der-bildenden-kuenste.de\/visualempowerment\/wp-content\/uploads\/sites\/17\/2025\/03\/10-2048x1365.jpg 2048w, https:\/\/didaktik-der-bildenden-kuenste.de\/visualempowerment\/wp-content\/uploads\/sites\/17\/2025\/03\/10-400x267.jpg 400w\" sizes=\"auto, (max-width: 2560px) 100vw, 2560px\" \/><\/figure>\n\n\n\n<figure class=\"wp-block-image size-full wp-duotone-unset-10\"><img loading=\"lazy\" decoding=\"async\" width=\"2560\" height=\"1707\" data-id=\"388\" src=\"https:\/\/didaktik-der-bildenden-kuenste.de\/visualempowerment\/wp-content\/uploads\/sites\/17\/2025\/03\/9-scaled.jpg\" alt=\"\" class=\"wp-image-388\" srcset=\"https:\/\/didaktik-der-bildenden-kuenste.de\/visualempowerment\/wp-content\/uploads\/sites\/17\/2025\/03\/9-scaled.jpg 2560w, https:\/\/didaktik-der-bildenden-kuenste.de\/visualempowerment\/wp-content\/uploads\/sites\/17\/2025\/03\/9-300x200.jpg 300w, https:\/\/didaktik-der-bildenden-kuenste.de\/visualempowerment\/wp-content\/uploads\/sites\/17\/2025\/03\/9-1024x683.jpg 1024w, https:\/\/didaktik-der-bildenden-kuenste.de\/visualempowerment\/wp-content\/uploads\/sites\/17\/2025\/03\/9-768x512.jpg 768w, https:\/\/didaktik-der-bildenden-kuenste.de\/visualempowerment\/wp-content\/uploads\/sites\/17\/2025\/03\/9-1536x1024.jpg 1536w, https:\/\/didaktik-der-bildenden-kuenste.de\/visualempowerment\/wp-content\/uploads\/sites\/17\/2025\/03\/9-2048x1366.jpg 2048w, https:\/\/didaktik-der-bildenden-kuenste.de\/visualempowerment\/wp-content\/uploads\/sites\/17\/2025\/03\/9-400x267.jpg 400w\" sizes=\"auto, (max-width: 2560px) 100vw, 2560px\" \/><\/figure>\n<\/figure>\n<\/div>\n<\/div>\n<\/div>\n","protected":false},"excerpt":{"rendered":"<p>Einblicke in die Workshops und Vortr\u00e4ge _____________________<\/p>\n","protected":false},"author":12,"featured_media":0,"parent":0,"menu_order":0,"comment_status":"closed","ping_status":"closed","template":"","meta":{"footnotes":""},"class_list":["post-378","page","type-page","status-publish","hentry"],"yoast_head":"<!-- This site is optimized with the Yoast SEO plugin v26.8 - https:\/\/yoast.com\/product\/yoast-seo-wordpress\/ -->\n<title>GALERIE - Visual Empowerment. Kunstp\u00e4dagogische Tagung an der Kunstakademie D\u00fcsseldorf<\/title>\n<meta name=\"robots\" content=\"index, follow, max-snippet:-1, max-image-preview:large, max-video-preview:-1\" \/>\n<link rel=\"canonical\" href=\"https:\/\/didaktik-der-bildenden-kuenste.de\/visualempowerment\/galerie\/\" \/>\n<meta property=\"og:locale\" content=\"de_DE\" \/>\n<meta property=\"og:type\" content=\"article\" \/>\n<meta property=\"og:title\" content=\"GALERIE - Visual Empowerment. Kunstp\u00e4dagogische Tagung an der Kunstakademie D\u00fcsseldorf\" \/>\n<meta property=\"og:description\" content=\"Einblicke in die Workshops und Vortr\u00e4ge _____________________\" \/>\n<meta property=\"og:url\" content=\"https:\/\/didaktik-der-bildenden-kuenste.de\/visualempowerment\/galerie\/\" \/>\n<meta property=\"og:site_name\" content=\"Visual Empowerment. Kunstp\u00e4dagogische Tagung an der Kunstakademie D\u00fcsseldorf\" \/>\n<meta property=\"article:modified_time\" content=\"2025-03-20T13:54:52+00:00\" \/>\n<meta property=\"og:image\" content=\"https:\/\/didaktik-der-bildenden-kuenste.de\/visualempowerment\/wp-content\/uploads\/sites\/17\/2025\/03\/1-1-scaled.jpg\" \/>\n<meta name=\"twitter:card\" content=\"summary_large_image\" \/>\n<script type=\"application\/ld+json\" class=\"yoast-schema-graph\">{\"@context\":\"https:\/\/schema.org\",\"@graph\":[{\"@type\":\"WebPage\",\"@id\":\"https:\/\/didaktik-der-bildenden-kuenste.de\/visualempowerment\/galerie\/\",\"url\":\"https:\/\/didaktik-der-bildenden-kuenste.de\/visualempowerment\/galerie\/\",\"name\":\"GALERIE - Visual Empowerment. Kunstp\u00e4dagogische Tagung an der Kunstakademie D\u00fcsseldorf\",\"isPartOf\":{\"@id\":\"https:\/\/didaktik-der-bildenden-kuenste.de\/visualempowerment\/#website\"},\"primaryImageOfPage\":{\"@id\":\"https:\/\/didaktik-der-bildenden-kuenste.de\/visualempowerment\/galerie\/#primaryimage\"},\"image\":{\"@id\":\"https:\/\/didaktik-der-bildenden-kuenste.de\/visualempowerment\/galerie\/#primaryimage\"},\"thumbnailUrl\":\"https:\/\/didaktik-der-bildenden-kuenste.de\/visualempowerment\/wp-content\/uploads\/sites\/17\/2025\/03\/1-1-scaled.jpg\",\"datePublished\":\"2025-03-20T10:15:29+00:00\",\"dateModified\":\"2025-03-20T13:54:52+00:00\",\"breadcrumb\":{\"@id\":\"https:\/\/didaktik-der-bildenden-kuenste.de\/visualempowerment\/galerie\/#breadcrumb\"},\"inLanguage\":\"de\",\"potentialAction\":[{\"@type\":\"ReadAction\",\"target\":[\"https:\/\/didaktik-der-bildenden-kuenste.de\/visualempowerment\/galerie\/\"]}]},{\"@type\":\"ImageObject\",\"inLanguage\":\"de\",\"@id\":\"https:\/\/didaktik-der-bildenden-kuenste.de\/visualempowerment\/galerie\/#primaryimage\",\"url\":\"https:\/\/didaktik-der-bildenden-kuenste.de\/visualempowerment\/wp-content\/uploads\/sites\/17\/2025\/03\/1-1-scaled.jpg\",\"contentUrl\":\"https:\/\/didaktik-der-bildenden-kuenste.de\/visualempowerment\/wp-content\/uploads\/sites\/17\/2025\/03\/1-1-scaled.jpg\"},{\"@type\":\"BreadcrumbList\",\"@id\":\"https:\/\/didaktik-der-bildenden-kuenste.de\/visualempowerment\/galerie\/#breadcrumb\",\"itemListElement\":[{\"@type\":\"ListItem\",\"position\":1,\"name\":\"VISUAL EMPOWERMENT\",\"item\":\"https:\/\/didaktik-der-bildenden-kuenste.de\/visualempowerment\/\"},{\"@type\":\"ListItem\",\"position\":2,\"name\":\"GALERIE\"}]},{\"@type\":\"WebSite\",\"@id\":\"https:\/\/didaktik-der-bildenden-kuenste.de\/visualempowerment\/#website\",\"url\":\"https:\/\/didaktik-der-bildenden-kuenste.de\/visualempowerment\/\",\"name\":\"Visual Empowerment. Kunstp\u00e4dagogische Tagung an der Kunstakademie D\u00fcsseldorf\",\"description\":\"\",\"potentialAction\":[{\"@type\":\"SearchAction\",\"target\":{\"@type\":\"EntryPoint\",\"urlTemplate\":\"https:\/\/didaktik-der-bildenden-kuenste.de\/visualempowerment\/?s={search_term_string}\"},\"query-input\":{\"@type\":\"PropertyValueSpecification\",\"valueRequired\":true,\"valueName\":\"search_term_string\"}}],\"inLanguage\":\"de\"}]}<\/script>\n<!-- \/ Yoast SEO plugin. -->","yoast_head_json":{"title":"GALERIE - Visual Empowerment. Kunstp\u00e4dagogische Tagung an der Kunstakademie D\u00fcsseldorf","robots":{"index":"index","follow":"follow","max-snippet":"max-snippet:-1","max-image-preview":"max-image-preview:large","max-video-preview":"max-video-preview:-1"},"canonical":"https:\/\/didaktik-der-bildenden-kuenste.de\/visualempowerment\/galerie\/","og_locale":"de_DE","og_type":"article","og_title":"GALERIE - Visual Empowerment. Kunstp\u00e4dagogische Tagung an der Kunstakademie D\u00fcsseldorf","og_description":"Einblicke in die Workshops und Vortr\u00e4ge _____________________","og_url":"https:\/\/didaktik-der-bildenden-kuenste.de\/visualempowerment\/galerie\/","og_site_name":"Visual Empowerment. Kunstp\u00e4dagogische Tagung an der Kunstakademie D\u00fcsseldorf","article_modified_time":"2025-03-20T13:54:52+00:00","og_image":[{"url":"https:\/\/didaktik-der-bildenden-kuenste.de\/visualempowerment\/wp-content\/uploads\/sites\/17\/2025\/03\/1-1-scaled.jpg","type":"","width":"","height":""}],"twitter_card":"summary_large_image","schema":{"@context":"https:\/\/schema.org","@graph":[{"@type":"WebPage","@id":"https:\/\/didaktik-der-bildenden-kuenste.de\/visualempowerment\/galerie\/","url":"https:\/\/didaktik-der-bildenden-kuenste.de\/visualempowerment\/galerie\/","name":"GALERIE - Visual Empowerment. Kunstp\u00e4dagogische Tagung an der Kunstakademie D\u00fcsseldorf","isPartOf":{"@id":"https:\/\/didaktik-der-bildenden-kuenste.de\/visualempowerment\/#website"},"primaryImageOfPage":{"@id":"https:\/\/didaktik-der-bildenden-kuenste.de\/visualempowerment\/galerie\/#primaryimage"},"image":{"@id":"https:\/\/didaktik-der-bildenden-kuenste.de\/visualempowerment\/galerie\/#primaryimage"},"thumbnailUrl":"https:\/\/didaktik-der-bildenden-kuenste.de\/visualempowerment\/wp-content\/uploads\/sites\/17\/2025\/03\/1-1-scaled.jpg","datePublished":"2025-03-20T10:15:29+00:00","dateModified":"2025-03-20T13:54:52+00:00","breadcrumb":{"@id":"https:\/\/didaktik-der-bildenden-kuenste.de\/visualempowerment\/galerie\/#breadcrumb"},"inLanguage":"de","potentialAction":[{"@type":"ReadAction","target":["https:\/\/didaktik-der-bildenden-kuenste.de\/visualempowerment\/galerie\/"]}]},{"@type":"ImageObject","inLanguage":"de","@id":"https:\/\/didaktik-der-bildenden-kuenste.de\/visualempowerment\/galerie\/#primaryimage","url":"https:\/\/didaktik-der-bildenden-kuenste.de\/visualempowerment\/wp-content\/uploads\/sites\/17\/2025\/03\/1-1-scaled.jpg","contentUrl":"https:\/\/didaktik-der-bildenden-kuenste.de\/visualempowerment\/wp-content\/uploads\/sites\/17\/2025\/03\/1-1-scaled.jpg"},{"@type":"BreadcrumbList","@id":"https:\/\/didaktik-der-bildenden-kuenste.de\/visualempowerment\/galerie\/#breadcrumb","itemListElement":[{"@type":"ListItem","position":1,"name":"VISUAL EMPOWERMENT","item":"https:\/\/didaktik-der-bildenden-kuenste.de\/visualempowerment\/"},{"@type":"ListItem","position":2,"name":"GALERIE"}]},{"@type":"WebSite","@id":"https:\/\/didaktik-der-bildenden-kuenste.de\/visualempowerment\/#website","url":"https:\/\/didaktik-der-bildenden-kuenste.de\/visualempowerment\/","name":"Visual Empowerment. Kunstp\u00e4dagogische Tagung an der Kunstakademie D\u00fcsseldorf","description":"","potentialAction":[{"@type":"SearchAction","target":{"@type":"EntryPoint","urlTemplate":"https:\/\/didaktik-der-bildenden-kuenste.de\/visualempowerment\/?s={search_term_string}"},"query-input":{"@type":"PropertyValueSpecification","valueRequired":true,"valueName":"search_term_string"}}],"inLanguage":"de"}]}},"_links":{"self":[{"href":"https:\/\/didaktik-der-bildenden-kuenste.de\/visualempowerment\/wp-json\/wp\/v2\/pages\/378","targetHints":{"allow":["GET"]}}],"collection":[{"href":"https:\/\/didaktik-der-bildenden-kuenste.de\/visualempowerment\/wp-json\/wp\/v2\/pages"}],"about":[{"href":"https:\/\/didaktik-der-bildenden-kuenste.de\/visualempowerment\/wp-json\/wp\/v2\/types\/page"}],"author":[{"embeddable":true,"href":"https:\/\/didaktik-der-bildenden-kuenste.de\/visualempowerment\/wp-json\/wp\/v2\/users\/12"}],"replies":[{"embeddable":true,"href":"https:\/\/didaktik-der-bildenden-kuenste.de\/visualempowerment\/wp-json\/wp\/v2\/comments?post=378"}],"version-history":[{"count":6,"href":"https:\/\/didaktik-der-bildenden-kuenste.de\/visualempowerment\/wp-json\/wp\/v2\/pages\/378\/revisions"}],"predecessor-version":[{"id":420,"href":"https:\/\/didaktik-der-bildenden-kuenste.de\/visualempowerment\/wp-json\/wp\/v2\/pages\/378\/revisions\/420"}],"wp:attachment":[{"href":"https:\/\/didaktik-der-bildenden-kuenste.de\/visualempowerment\/wp-json\/wp\/v2\/media?parent=378"}],"curies":[{"name":"wp","href":"https:\/\/api.w.org\/{rel}","templated":true}]}}